{"id":40,"date":"2020-09-01T15:07:00","date_gmt":"2020-09-01T13:07:00","guid":{"rendered":"https:\/\/localhost\/wordpress-5.4.2\/wordpress\/?page_id=40"},"modified":"2021-02-04T14:22:46","modified_gmt":"2021-02-04T13:22:46","slug":"chronik","status":"publish","type":"page","link":"https:\/\/ff-gottsdorf.at\/?page_id=40","title":{"rendered":"Chronik"},"content":{"rendered":"\t\t<div data-elementor-type=\"wp-page\" data-elementor-id=\"40\" class=\"elementor elementor-40\">\n\t\t\t\t\t\t<section class=\"elementor-section elementor-top-section elementor-element elementor-element-3fd7815 elementor-section-boxed elementor-section-height-default elementor-section-height-default\" data-id=\"3fd7815\" data-element_type=\"section\">\n\t\t\t\t\t\t<div class=\"elementor-container elementor-column-gap-default\">\n\t\t\t\t\t<div class=\"elementor-column elementor-col-100 elementor-top-column elementor-element elementor-element-cff2018\" data-id=\"cff2018\" data-element_type=\"column\">\n\t\t\t<div class=\"elementor-widget-wrap elementor-element-populated\">\n\t\t\t\t\t\t<div class=\"elementor-element elementor-element-4572750 elementor-widget elementor-widget-heading\" data-id=\"4572750\" data-element_type=\"widget\" data-widget_type=\"heading.default\">\n\t\t\t\t<div class=\"elementor-widget-container\">\n\t\t\t<h2 class=\"elementor-heading-title elementor-size-xl\">Geschichte der Freiwilligen Feuerwehr Gottsdorf<\/h2>\t\t<\/div>\n\t\t\t\t<\/div>\n\t\t\t\t<div class=\"elementor-element elementor-element-f244486 animated-fast elementor-invisible elementor-widget elementor-widget-text-editor\" data-id=\"f244486\" data-element_type=\"widget\" data-settings=\"{&quot;_animation&quot;:&quot;fadeInLeft&quot;}\" data-widget_type=\"text-editor.default\">\n\t\t\t\t<div class=\"elementor-widget-container\">\n\t\t\t\t\t\t\t<h3><span style=\"color: #808080;\">Am 14. Juli 1895 gr\u00fcndeten 12 Mann aus Gottsdorf unsere Feuerwehr.&nbsp;<\/span><\/h3>\n<h3><span style=\"color: #808080;\">Anlass zur Gr\u00fcndung der Wehr waren wahrscheinlich die verheerenden Hochw\u00e4sser, die in den Jahren 1893 und 1895 den Ort schwer betrafen. Au\u00dferdem ereigneten sich vor der Jahrhundertwende zwei Gro\u00dfbr\u00e4nde bei denen die Ortschaft Gottsdorf fast zur G\u00e4nze niederbrannte.&nbsp;<\/span><\/h3>\n<h3><span style=\"color: #808080;\">Der erste Feuerwehrkommandant der FF Gottsdorf war Zimmermeister Mathias Karpf, sein Stellvertreter Gastwirt Ferdinand Baumgartner und Schriftf\u00fchrer wurde Pfarrer Leopold Resch.&nbsp;<\/span><\/h3>\t\t\t\t\t\t<\/div>\n\t\t\t\t<\/div>\n\t\t\t\t<div class=\"elementor-element elementor-element-564dc12 animated-fast elementor-invisible elementor-widget elementor-widget-image\" data-id=\"564dc12\" data-element_type=\"widget\" data-settings=\"{&quot;_animation&quot;:&quot;fadeInUp&quot;}\" data-widget_type=\"image.default\">\n\t\t\t\t<div class=\"elementor-widget-container\">\n\t\t\t\t\t\t\t\t\t\t<figure class=\"wp-caption\">\n\t\t\t\t\t\t\t\t\t\t<img src=\"https:\/\/ff-gottsdorf.at\/wp-content\/uploads\/2021\/01\/FFGOTTSDORF1895.png\" title=\"FFGOTTSDORF1895\" alt=\"FFGOTTSDORF1895\" loading=\"lazy\" \/>\t\t\t\t\t\t\t\t\t\t\t<figcaption class=\"widget-image-caption wp-caption-text\">FF Gottsdorf im Jahre 1895<\/figcaption>\n\t\t\t\t\t\t\t\t\t\t<\/figure>\n\t\t\t\t\t\t\t<\/div>\n\t\t\t\t<\/div>\n\t\t\t\t<div class=\"elementor-element elementor-element-47d9fef animated-fast elementor-invisible elementor-widget elementor-widget-text-editor\" data-id=\"47d9fef\" data-element_type=\"widget\" data-settings=\"{&quot;_animation&quot;:&quot;fadeInLeft&quot;}\" data-widget_type=\"text-editor.default\">\n\t\t\t\t<div class=\"elementor-widget-container\">\n\t\t\t\t\t\t\t<h3><span style=\"color: #808080;\">1895 wurde mit dem Bau des Spritzenhauses begonnen. Schon ein Jahr sp\u00e4ter, also im Jahre 1896 konnte der Bau des neuen Depots fertig gestellt werden.\u00a0\u00a0<\/span><\/h3><h3><span style=\"color: #808080;\">Die\u00a0erste\u00a0Handdruckspritze, Druckschl\u00e4uche, Leitern, 36 Monturen und Helme von der Fa. Hausmann\u00a0wurden ebenfalls im Jahre 1896\u00a0zum Preis von 765,50 Gulden angekauft.\u00a0<\/span><\/h3><h3><span style=\"color: #808080;\">Der erste Mannschaftswagen wurde 1904 um 890 Kronen erworben.\u00a0<\/span><\/h3><h3><span style=\"color: #808080;\">Im Jahre 1906, aus\u00a0Anlass des 60j\u00e4hrigen Regierungsjubil\u00e4ums von Kaiser Franz Josef,\u00a0nahmen die Wehrm\u00e4nner an einem Fackelzug in Wien teil. Das Original des Erinnerungsdiploms ist noch vorhanden.\u00a0<\/span><\/h3><h3><span style=\"color: #808080;\">Da die Handbetriebene Feuerspritze den modernen Anforderungen nicht mehr gen\u00fcgte, wurde mit Unterst\u00fctzung der Gemeinde Gottsdorf 1931 die\u00a0erste Motorspritze\u00a0der Fa. Rosenbauer\u00a0angekauft.\u00a0Die Kosten beliefen sich auf 5.400 Schilling.\u00a0<\/span><\/h3><h3><span style=\"color: #808080;\">Die feierliche Einweihung erfolgte am 16. August 1931 durch Pfarrer Karl Gl\u00f6ckl.\u00a0<\/span><\/h3><h3><span style=\"color: #808080;\">1936\u00a0wurde\u00a0die\u00a0Sanit\u00e4tsabteilung\u00a0der FF Gottsdorf, sowie eine eigene\u00a0Vereins-Musikkapelle\u00a0gegr\u00fcndet.\u00a0Als Kapellmeister wird Wehrmann Hans Hametner angef\u00fchrt.\u00a0<\/span><\/h3><h3><span style=\"color: #808080;\">In den Kriegsjahren wurden die Feuerwehrm\u00e4nner\u00a0auf\u00a0Befehl\u00a0des\u00a0Kreisf\u00fchrers von\u00a0Melk zu Gro\u00dffahndungen, einmal sogar im Bezirk Scheibbs, herangezogen. Au\u00dferdem gab es Luftschutz-Bereitschaftsdienst.\u00a0<\/span><\/h3><h3><span style=\"color: #808080;\">Vor dem Einmarsch der russischen Besatzungstruppen konnten alle Benzinvorr\u00e4te, Ger\u00e4te und Ausr\u00fcstungsgegenst\u00e4nde\u00a0durch den damaligen Hauptmann unserer Wehr, Ferdinand Polt\u00a0in Sicherheit gebracht werden.\u00a0<\/span><\/h3><h3><span style=\"color: #808080;\">Im Jahre 1950 wurde ein L\u00f6schfahrzeug der Marke Bedford angekauft.\u00a0<\/span><\/h3><h3><span style=\"color: #808080;\">Bei der Einweihung des Fahrzeugs\u00a0am 22. Juli 1951 nahmen als G\u00e4ste die Herrschaften Erzherzog Hubert und Erzherzogin Rosemary von Habsburg Teil.\u00a0<\/span><\/h3><h3><span style=\"color: #808080;\">Beim Hochwasser im Juli 1954 hatte die Wehr Gro\u00dfeinsatz. 38 Mann leisteten 2.200 Einsatzstunden, 46 Wohnh\u00e4user mussten ger\u00e4umt und 293 Personen evakuiert werden. Die Wehren Kapelleramt und Altenmarkt sowie die ehemalige B-Gendarmerie kamen zu Hilfe.\u00a0<\/span><\/h3><h3><span style=\"color: #808080;\">1958 wurde erstmals an Landesfeuerwehrwettk\u00e4mpfen teilgenommen. Das FLA (Feuerwehrleistungsabzeichen) wurde damals aber noch nicht erreicht. 1966 erwarb dann die Wettkampfgruppe erstmals das FLA in Bronze, ein Jahr sp\u00e4ter das FLA in Silber.\u00a0<\/span><\/h3><h3><span style=\"color: #808080;\">Im Jahre\u00a01963\u00a0wurde\u00a0eine Tragkraftspritze TS 750\u00a0der Marke VW\u00a0angekauft.\u00a01966\u00a0folgte\u00a0das L\u00f6schfahrzeug OPEL Blitz, dass\u00a0zum Preis von\u00a0167.000 Schilling\u00a0erworben\u00a0wurde. Von dieser gro\u00dfen Summe brachte\u00a0die FF\u00a058.000 Schilling\u00a0selbst\u00a0auf.\u00a0<\/span><\/h3>\t\t\t\t\t\t<\/div>\n\t\t\t\t<\/div>\n\t\t\t\t<div class=\"elementor-element elementor-element-59c3f43 animated-fast elementor-invisible elementor-widget elementor-widget-image\" data-id=\"59c3f43\" data-element_type=\"widget\" data-settings=\"{&quot;_animation&quot;:&quot;fadeInUp&quot;}\" data-widget_type=\"image.default\">\n\t\t\t\t<div class=\"elementor-widget-container\">\n\t\t\t\t\t\t\t\t\t\t<figure class=\"wp-caption\">\n\t\t\t\t\t\t\t\t\t\t<img src=\"https:\/\/ff-gottsdorf.at\/wp-content\/uploads\/2021\/01\/Opel-Blitz.png\" title=\"Opel Blitz\" alt=\"Opel Blitz\" loading=\"lazy\" \/>\t\t\t\t\t\t\t\t\t\t\t<figcaption class=\"widget-image-caption wp-caption-text\">Opel Blitz<\/figcaption>\n\t\t\t\t\t\t\t\t\t\t<\/figure>\n\t\t\t\t\t\t\t<\/div>\n\t\t\t\t<\/div>\n\t\t\t\t<div class=\"elementor-element elementor-element-f9c3262 elementor-widget elementor-widget-text-editor\" data-id=\"f9c3262\" data-element_type=\"widget\" data-widget_type=\"text-editor.default\">\n\t\t\t\t<div class=\"elementor-widget-container\">\n\t\t\t\t\t\t\t<h3><span style=\"color: #808080;\">Im Jahre 1975 wurde der Wasserdienst in der FF Gottsdorf aufgestellt.\u00a0<\/span><\/h3><h3><span style=\"color: #808080;\">Eine Zillenbesatzung erwarb in Ardagger das WLA (Wasserwehrleistungsabzeichen) in Bronze und Silber. Seit\u00a0dieser Zeit wird ununterbrochen an\u00a0Wasserdienst- Bewerben\u00a0mit gr\u00f6\u00dftem Erfolg\u00a0teilgenommen.\u00a0<\/span><\/h3><h3><span style=\"color: #808080;\">1983\u00a0begann der Bau des neuen Feuerwehrhauses. Mit einigen tausend Stunden Eigenleistung erbauten die Feuerwehrkameraden unter Kommandant Walter Sch\u00f6ller dieses moderne Geb\u00e4ude. Nach anstrengenden 5 Jahren konnte das neue Feuerwehrhaus im\u00a0Jahre\u00a01989 schlie\u00dflich feierlich eingeweiht werden.<\/span><\/h3>\t\t\t\t\t\t<\/div>\n\t\t\t\t<\/div>\n\t\t\t\t<div class=\"elementor-element elementor-element-c413fc9 animated-fast elementor-invisible elementor-widget elementor-widget-image\" data-id=\"c413fc9\" data-element_type=\"widget\" data-settings=\"{&quot;_animation&quot;:&quot;fadeInUp&quot;}\" data-widget_type=\"image.default\">\n\t\t\t\t<div class=\"elementor-widget-container\">\n\t\t\t\t\t\t\t\t\t\t<figure class=\"wp-caption\">\n\t\t\t\t\t\t\t\t\t\t<img fetchpriority=\"high\" width=\"1265\" height=\"434\" src=\"https:\/\/ff-gottsdorf.at\/wp-content\/uploads\/2021\/01\/Wideframe.png\" class=\"attachment-full size-full wp-image-905\" alt=\"\" srcset=\"https:\/\/ff-gottsdorf.at\/wp-content\/uploads\/2021\/01\/Wideframe.png 1265w, https:\/\/ff-gottsdorf.at\/wp-content\/uploads\/2021\/01\/Wideframe-300x103.png 300w, https:\/\/ff-gottsdorf.at\/wp-content\/uploads\/2021\/01\/Wideframe-1024x351.png 1024w, https:\/\/ff-gottsdorf.at\/wp-content\/uploads\/2021\/01\/Wideframe-768x263.png 768w\" sizes=\"(max-width: 1265px) 100vw, 1265px\" \/>\t\t\t\t\t\t\t\t\t\t\t<figcaption class=\"widget-image-caption wp-caption-text\">Einweihung des Feuerwehrhauses 1989<\/figcaption>\n\t\t\t\t\t\t\t\t\t\t<\/figure>\n\t\t\t\t\t\t\t<\/div>\n\t\t\t\t<\/div>\n\t\t\t\t<div class=\"elementor-element elementor-element-5d5bf4c animated-fast elementor-invisible elementor-widget elementor-widget-text-editor\" data-id=\"5d5bf4c\" data-element_type=\"widget\" data-settings=\"{&quot;_animation&quot;:&quot;fadeInLeft&quot;}\" data-widget_type=\"text-editor.default\">\n\t\t\t\t<div class=\"elementor-widget-container\">\n\t\t\t\t\t\t\t<h3><span style=\"color: #808080;\">Ein weiteres Highlight in der Geschichte unserer Feuerwehr ist die Gr\u00fcndung der Feuerwehrwehrjugend im Jahre 1984.\u00a0<\/span><\/h3><h3><span style=\"color: #808080;\">In den 1980\u00b4er Jahren wurde auch ein Kleinl\u00f6schfahrzeug der Marke Mercedes, sowie ein Tankl\u00f6schfahrzeug der Marke Steyr mit 4000 Liter Wasserinhalt angekauft.\u00a0<\/span><\/h3>\t\t\t\t\t\t<\/div>\n\t\t\t\t<\/div>\n\t\t\t\t<div class=\"elementor-element elementor-element-c217a94 elementor-widget elementor-widget-image\" data-id=\"c217a94\" data-element_type=\"widget\" data-widget_type=\"image.default\">\n\t\t\t\t<div class=\"elementor-widget-container\">\n\t\t\t\t\t\t\t\t\t\t<figure class=\"wp-caption\">\n\t\t\t\t\t\t\t\t\t\t<img width=\"648\" height=\"396\" src=\"https:\/\/ff-gottsdorf.at\/wp-content\/uploads\/2021\/01\/FF-Gottsdorf-mit-FJ-1984.png\" class=\"attachment-full size-full wp-image-892\" alt=\"\" srcset=\"https:\/\/ff-gottsdorf.at\/wp-content\/uploads\/2021\/01\/FF-Gottsdorf-mit-FJ-1984.png 648w, https:\/\/ff-gottsdorf.at\/wp-content\/uploads\/2021\/01\/FF-Gottsdorf-mit-FJ-1984-300x183.png 300w\" sizes=\"(max-width: 648px) 100vw, 648px\" \/>\t\t\t\t\t\t\t\t\t\t\t<figcaption class=\"widget-image-caption wp-caption-text\">Feuerwehrjugend 1984 <\/figcaption>\n\t\t\t\t\t\t\t\t\t\t<\/figure>\n\t\t\t\t\t\t\t<\/div>\n\t\t\t\t<\/div>\n\t\t\t\t<div class=\"elementor-element elementor-element-6c6061a elementor-widget elementor-widget-text-editor\" data-id=\"6c6061a\" data-element_type=\"widget\" data-widget_type=\"text-editor.default\">\n\t\t\t\t<div class=\"elementor-widget-container\">\n\t\t\t\t\t\t\t<h3><span style=\"color: #808080;\">Im Jahre 1997 wurde ein schweres R\u00fcstfahrzeug mit Kran angekauft. 2007 folgte dann\u00a0ein hochmodernes Tankl\u00f6schfahrzeug das dem Stand der Technik bis heute entspricht.<\/span><\/h3>\t\t\t\t\t\t<\/div>\n\t\t\t\t<\/div>\n\t\t\t\t<div class=\"elementor-element elementor-element-ce285c5 animated-fast elementor-invisible elementor-widget elementor-widget-heading\" data-id=\"ce285c5\" data-element_type=\"widget\" data-settings=\"{&quot;_animation&quot;:&quot;fadeInLeft&quot;}\" data-widget_type=\"heading.default\">\n\t\t\t\t<div class=\"elementor-widget-container\">\n\t\t\t<h2 class=\"elementor-heading-title elementor-size-xl\">Die Kommandanten unserer Feuerwehr<\/h2>\t\t<\/div>\n\t\t\t\t<\/div>\n\t\t\t\t<div class=\"elementor-element elementor-element-814b2b3 animated-fast elementor-invisible elementor-widget elementor-widget-text-editor\" data-id=\"814b2b3\" data-element_type=\"widget\" data-settings=\"{&quot;_animation&quot;:&quot;fadeInLeft&quot;}\" data-widget_type=\"text-editor.default\">\n\t\t\t\t<div class=\"elementor-widget-container\">\n\t\t\t\t\t\t\t<ul><li data-leveltext=\"\uf0b7\" data-font=\"Symbol\" data-listid=\"1\" aria-setsize=\"-1\" data-aria-posinset=\"1\" data-aria-level=\"1\"><h5><span style=\"color: #808080;\">1895 \u2013 1900: Mathias Karpf\u00a0<\/span><\/h5><\/li><li data-leveltext=\"\uf0b7\" data-font=\"Symbol\" data-listid=\"1\" aria-setsize=\"-1\" data-aria-posinset=\"2\" data-aria-level=\"1\"><h5><span style=\"color: #808080;\">1900 \u2013 1926: Johann Steininger\u00a0<\/span><\/h5><\/li><\/ul><ul><li data-leveltext=\"\uf0b7\" data-font=\"Symbol\" data-listid=\"1\" aria-setsize=\"-1\" data-aria-posinset=\"1\" data-aria-level=\"1\"><h5><span style=\"color: #808080;\">1926 \u2013 1940: Josef Wiehalm\u00a0<\/span><\/h5><\/li><li data-leveltext=\"\uf0b7\" data-font=\"Symbol\" data-listid=\"1\" aria-setsize=\"-1\" data-aria-posinset=\"2\" data-aria-level=\"1\"><h5><span style=\"color: #808080;\">1940 \u2013 1945: Ferdinand Polt\u00a0<\/span><\/h5><\/li><li data-leveltext=\"\uf0b7\" data-font=\"Symbol\" data-listid=\"1\" aria-setsize=\"-1\" data-aria-posinset=\"3\" data-aria-level=\"1\"><h5><span style=\"color: #808080;\">1945 \u2013 1946: Leopold T\u00fcrscherl\u00a0<\/span><\/h5><\/li><li data-leveltext=\"\uf0b7\" data-font=\"Symbol\" data-listid=\"1\" aria-setsize=\"-1\" data-aria-posinset=\"4\" data-aria-level=\"1\"><h5><span style=\"color: #808080;\">1946 \u2013 1961: Ferdinand Polt\u00a0<\/span><\/h5><\/li><li data-leveltext=\"\uf0b7\" data-font=\"Symbol\" data-listid=\"1\" aria-setsize=\"-1\" data-aria-posinset=\"5\" data-aria-level=\"1\"><h5><span style=\"color: #808080;\">1961 \u2013 1976: Josef Neumann\u00a0<\/span><\/h5><\/li><\/ul><ul><li data-leveltext=\"\uf0b7\" data-font=\"Symbol\" data-listid=\"1\" aria-setsize=\"-1\" data-aria-posinset=\"1\" data-aria-level=\"1\"><h5><span style=\"color: #808080;\">1976 \u2013 1996: Walter Sch\u00f6ller\u00a0<\/span><\/h5><\/li><li data-leveltext=\"\uf0b7\" data-font=\"Symbol\" data-listid=\"1\" aria-setsize=\"-1\" data-aria-posinset=\"2\" data-aria-level=\"1\"><h5><span style=\"color: #808080;\">1996 \u2013 2001: Peter Hofschweiger\u00a0<\/span><\/h5><\/li><li data-leveltext=\"\uf0b7\" data-font=\"Symbol\" data-listid=\"1\" aria-setsize=\"-1\" data-aria-posinset=\"3\" data-aria-level=\"1\"><h5><span style=\"color: #808080;\">2001 \u2013 2009: Heinrich Wagner\u00a0<\/span><\/h5><\/li><li data-leveltext=\"\uf0b7\" data-font=\"Symbol\" data-listid=\"1\" aria-setsize=\"-1\" data-aria-posinset=\"4\" data-aria-level=\"1\"><h5><span style=\"color: #808080;\">2009 \u2013 2018: G\u00fcnter Schachenhofer\u00a0<\/span><\/h5><\/li><li data-leveltext=\"\uf0b7\" data-font=\"Symbol\" data-listid=\"1\" aria-setsize=\"-1\" data-aria-posinset=\"5\" data-aria-level=\"1\"><h5><span style=\"color: #808080;\">seit 2018: Lukas Sch\u00f6ller<\/span><span data-ccp-props=\"{\"> <br \/><\/span><\/h5><\/li><\/ul>\t\t\t\t\t\t<\/div>\n\t\t\t\t<\/div>\n\t\t\t\t\t<\/div>\n\t\t<\/div>\n\t\t\t\t\t<\/div>\n\t\t<\/section>\n\t\t\t\t<\/div>\n\t\t","protected":false},"excerpt":{"rendered":"<p>Geschichte der Freiwilligen Feuerwehr Gottsdorf Am 14. Juli 1895 gr\u00fcndeten 12 Mann aus Gottsdorf unsere Feuerwehr.&nbsp; Anlass zur Gr\u00fcndung der Wehr waren wahrscheinlich die verheerenden Hochw\u00e4sser, die in den Jahren 1893 und 1895 den Ort schwer betrafen. Au\u00dferdem ereigneten sich vor der Jahrhundertwende zwei Gro\u00dfbr\u00e4nde bei denen die Ortschaft Gottsdorf fast zur G\u00e4nze niederbrannte.&nbsp; Der [&hellip;]<\/p>\n","protected":false},"author":1,"featured_media":0,"parent":0,"menu_order":0,"comment_status":"closed","ping_status":"closed","template":"","meta":{"ocean_post_layout":"","ocean_both_sidebars_style":"","ocean_both_sidebars_content_width":0,"ocean_both_sidebars_sidebars_width":0,"ocean_sidebar":"0","ocean_second_sidebar":"0","ocean_disable_margins":"enable","ocean_add_body_class":"","ocean_shortcode_before_top_bar":"","ocean_shortcode_after_top_bar":"","ocean_shortcode_before_header":"","ocean_shortcode_after_header":"","ocean_has_shortcode":"","ocean_shortcode_after_title":"","ocean_shortcode_before_footer_widgets":"","ocean_shortcode_after_footer_widgets":"","ocean_shortcode_before_footer_bottom":"","ocean_shortcode_after_footer_bottom":"","ocean_display_top_bar":"default","ocean_display_header":"default","ocean_header_style":"","ocean_center_header_left_menu":"0","ocean_custom_header_template":"0","ocean_custom_logo":0,"ocean_custom_retina_logo":0,"ocean_custom_logo_max_width":0,"ocean_custom_logo_tablet_max_width":0,"ocean_custom_logo_mobile_max_width":0,"ocean_custom_logo_max_height":0,"ocean_custom_logo_tablet_max_height":0,"ocean_custom_logo_mobile_max_height":0,"ocean_header_custom_menu":"0","ocean_menu_typo_font_family":"Arial, Helvetica, sans-serif","ocean_menu_typo_font_subset":"","ocean_menu_typo_font_size":null,"ocean_menu_typo_font_size_tablet":0,"ocean_menu_typo_font_size_mobile":0,"ocean_menu_typo_font_size_unit":"px","ocean_menu_typo_font_weight":"","ocean_menu_typo_font_weight_tablet":"","ocean_menu_typo_font_weight_mobile":"","ocean_menu_typo_transform":"","ocean_menu_typo_transform_tablet":"","ocean_menu_typo_transform_mobile":"","ocean_menu_typo_line_height":0,"ocean_menu_typo_line_height_tablet":0,"ocean_menu_typo_line_height_mobile":0,"ocean_menu_typo_line_height_unit":"","ocean_menu_typo_spacing":0,"ocean_menu_typo_spacing_tablet":0,"ocean_menu_typo_spacing_mobile":0,"ocean_menu_typo_spacing_unit":"","ocean_menu_link_color":"","ocean_menu_link_color_hover":"","ocean_menu_link_color_active":"","ocean_menu_link_background":"","ocean_menu_link_hover_background":"","ocean_menu_link_active_background":"","ocean_menu_social_links_bg":"","ocean_menu_social_hover_links_bg":"","ocean_menu_social_links_color":"","ocean_menu_social_hover_links_color":"","ocean_disable_title":"default","ocean_disable_heading":"default","ocean_post_title":"","ocean_post_subheading":"","ocean_post_title_style":"","ocean_post_title_background_color":"","ocean_post_title_background":0,"ocean_post_title_bg_image_position":"","ocean_post_title_bg_image_attachment":"","ocean_post_title_bg_image_repeat":"","ocean_post_title_bg_image_size":"","ocean_post_title_height":0,"ocean_post_title_bg_overlay":0.5,"ocean_post_title_bg_overlay_color":"","ocean_disable_breadcrumbs":"default","ocean_breadcrumbs_color":"","ocean_breadcrumbs_separator_color":"","ocean_breadcrumbs_links_color":"","ocean_breadcrumbs_links_hover_color":"","ocean_display_footer_widgets":"default","ocean_display_footer_bottom":"default","ocean_custom_footer_template":"0"},"_links":{"self":[{"href":"https:\/\/ff-gottsdorf.at\/index.php?rest_route=\/wp\/v2\/pages\/40"}],"collection":[{"href":"https:\/\/ff-gottsdorf.at\/index.php?rest_route=\/wp\/v2\/pages"}],"about":[{"href":"https:\/\/ff-gottsdorf.at\/index.php?rest_route=\/wp\/v2\/types\/page"}],"author":[{"embeddable":true,"href":"https:\/\/ff-gottsdorf.at\/index.php?rest_route=\/wp\/v2\/users\/1"}],"replies":[{"embeddable":true,"href":"https:\/\/ff-gottsdorf.at\/index.php?rest_route=%2Fwp%2Fv2%2Fcomments&post=40"}],"version-history":[{"count":82,"href":"https:\/\/ff-gottsdorf.at\/index.php?rest_route=\/wp\/v2\/pages\/40\/revisions"}],"predecessor-version":[{"id":1556,"href":"https:\/\/ff-gottsdorf.at\/index.php?rest_route=\/wp\/v2\/pages\/40\/revisions\/1556"}],"wp:attachment":[{"href":"https:\/\/ff-gottsdorf.at\/index.php?rest_route=%2Fwp%2Fv2%2Fmedia&parent=40"}],"curies":[{"name":"wp","href":"https:\/\/api.w.org\/{rel}","templated":true}]}}